{"id":10,"date":"2018-02-08T17:19:36","date_gmt":"2018-02-08T16:19:36","guid":{"rendered":"https:\/\/www.chronique-gardelle.fr\/?page_id=10"},"modified":"2018-02-20T21:10:14","modified_gmt":"2018-02-20T20:10:14","slug":"jean-le-pretre","status":"publish","type":"page","link":"https:\/\/www.chronique-gardelle.fr\/?page_id=10","title":{"rendered":"Jean le Pr\u00eatre"},"content":{"rendered":"<h3>Gardelle Jean, Pr\u00eatre et Vicaire de Saint Mary le Cros<\/h3>\n<p>&nbsp;<\/p>\n<p>Son acte de naissance:<\/p>\n<p><img loading=\"lazy\" decoding=\"async\" class=\"wp-image-92 aligncenter\" src=\"https:\/\/www.chronique-gardelle.fr\/wp-content\/uploads\/2018\/02\/Pretre1-2.png\" alt=\"\" width=\"550\" height=\"152\" srcset=\"https:\/\/www.chronique-gardelle.fr\/wp-content\/uploads\/2018\/02\/Pretre1-2.png 533w, https:\/\/www.chronique-gardelle.fr\/wp-content\/uploads\/2018\/02\/Pretre1-2-300x83.png 300w\" sizes=\"(max-width: 550px) 100vw, 550px\" \/><\/p>\n<p>Transcription du texte:<\/p>\n<blockquote>\n<p style=\"text-align: justify;\">Jean gardel de signalade \u00e0 \u00e9t\u00e9 baptis\u00e9 le seizi\u00e8me octobre fils \u00e0 jean et \u00e0 louise aldigier son parrain louis aldigier de mouteroux,la marraine marguerite Boudon de signalade &#8230;etc<\/p>\n<\/blockquote>\n<p>Le 6 Janvier 1693 dans le testament de son p\u00e8re on apprend que son fils Jean se destine \u00e0 la pr\u00eatrise.<\/p>\n<p><img loading=\"lazy\" decoding=\"async\" class=\"aligncenter wp-image-93\" src=\"https:\/\/www.chronique-gardelle.fr\/wp-content\/uploads\/2018\/02\/Pretre2.png\" alt=\"\" width=\"510\" height=\"218\" srcset=\"https:\/\/www.chronique-gardelle.fr\/wp-content\/uploads\/2018\/02\/Pretre2.png 498w, https:\/\/www.chronique-gardelle.fr\/wp-content\/uploads\/2018\/02\/Pretre2-300x128.png 300w\" sizes=\"(max-width: 510px) 100vw, 510px\" \/><\/p>\n<p>Transcription du texte:<\/p>\n<blockquote>\n<p style=\"text-align: justify;\">\u00a0 Suivant la coutume du pays Jean donne \u00e0 Jean Gardele son ain\u00e9 semblable constitution de trente livres nourris et entretenus ,en cas qu\u2019il ne veuille \u00eatre pr\u00eatre et demeurera dans la maison jusqu&rsquo;\u00e0 ce qu\u2019il aura pris party en mariage et en cas qu\u2019il veuille \u00eatre d\u2019\u00e9glise sera tenu le sus dit h\u00e9ritier de lui fournir tout ce qu\u2019il lui sera n\u00e9cessaire jusqu&rsquo;\u00e0 tant et qu\u2019il aura pris et dit\u00a0 la messe , et une chambre pour lui servir de demeure pour servir tant qu\u2019il y voudra demeurer et lui faire son titre cl\u00e9rical en cas que le dit jean Gardele soit pr\u00eatre.<\/p>\n<p>&nbsp;<\/p><\/blockquote>\n<p style=\"text-align: left;\">\u00a0 Le testament dans son int\u00e9gralit\u00e9:<\/p>\n<p><img loading=\"lazy\" decoding=\"async\" class=\"size-full wp-image-103 aligncenter\" src=\"https:\/\/www.chronique-gardelle.fr\/wp-content\/uploads\/2018\/02\/pretre3-2.png\" alt=\"\" width=\"706\" height=\"937\" srcset=\"https:\/\/www.chronique-gardelle.fr\/wp-content\/uploads\/2018\/02\/pretre3-2.png 706w, https:\/\/www.chronique-gardelle.fr\/wp-content\/uploads\/2018\/02\/pretre3-2-226x300.png 226w\" sizes=\"(max-width: 706px) 100vw, 706px\" \/><\/p>\n<p style=\"text-align: left;\"><img loading=\"lazy\" decoding=\"async\" class=\"size-full wp-image-104 aligncenter\" src=\"https:\/\/www.chronique-gardelle.fr\/wp-content\/uploads\/2018\/02\/pretre4-2.png\" alt=\"\" width=\"715\" height=\"948\" srcset=\"https:\/\/www.chronique-gardelle.fr\/wp-content\/uploads\/2018\/02\/pretre4-2.png 715w, https:\/\/www.chronique-gardelle.fr\/wp-content\/uploads\/2018\/02\/pretre4-2-226x300.png 226w\" sizes=\"(max-width: 715px) 100vw, 715px\" \/><\/p>\n<p>&nbsp;<\/p>\n<p><img loading=\"lazy\" decoding=\"async\" class=\"size-full wp-image-105 aligncenter\" src=\"https:\/\/www.chronique-gardelle.fr\/wp-content\/uploads\/2018\/02\/pretre5-2.png\" alt=\"\" width=\"822\" height=\"797\" srcset=\"https:\/\/www.chronique-gardelle.fr\/wp-content\/uploads\/2018\/02\/pretre5-2.png 822w, https:\/\/www.chronique-gardelle.fr\/wp-content\/uploads\/2018\/02\/pretre5-2-300x291.png 300w, https:\/\/www.chronique-gardelle.fr\/wp-content\/uploads\/2018\/02\/pretre5-2-768x745.png 768w\" sizes=\"(max-width: 822px) 100vw, 822px\" \/><\/p>\n<p>&nbsp;<\/p>\n<p>Transcription du testament de Jean Gardele (Gardelle):<\/p>\n<p>Notaire Pierre Fontanier \u00e0 Saint Mary le Cros<\/p>\n<p>AD 15 Cote 3 E 263 ann\u00e9e 1693<\/p>\n<blockquote>\n<p style=\"text-align: justify;\">Je soussign\u00e9 cur\u00e9 de la paroisse de St Mary le creux ressort\u00a0de Riom<\/p>\n<p style=\"text-align: justify;\">dioc\u00e8se de St Flour certifie \u00e0 tous ceux qu\u2019il appartiendra avoir re\u00e7u la d\u00e9claration des derni\u00e8res volont\u00e9s ou testament de Jean Gardelle de Signalade alit\u00e9 d\u2019une fi\u00e8vre chaude\u00a0.Apr\u00e8s lui avoir administr\u00e9 les sacrements de p\u00e9nitence et eucharistie lequel \u00e0 d\u00e9clar\u00e9 en pr\u00e9sence des t\u00e9moins bas\u00a0nomm\u00e9s et soussign\u00e9s \u00eatre son intention et derni\u00e8res volont\u00e9s\u00a0 de faire et instituer son h\u00e9ritier g\u00e9n\u00e9ral et universel de tous et un chacun ses biens tant meubles que immeubles pr\u00e9sents et avenir\u00a0tant paternels que maternels et autres qui lui pourront \u00e9choir.<\/p>\n<p style=\"text-align: justify;\">Guillaume Gardelle son puin\u00e9\u00a0 qu\u2019il a nomm\u00e9 de sa propre bouche \u00e0 cause des bons et agr\u00e9ables services qu\u2019il a re\u00e7u de lui et esp\u00e8re recevoir, \u00e0 la charge n\u00e9anmoins de payer \u00e0 Etienne Matthieu et Aymond Gardele ses enfants la somme de trente livres \u00e0 chacun payable lorsqu\u2019ils seront d\u2019\u00e2ge et jusque la seront nourris et entretenus en y travaillant jusqu&rsquo;\u00e0 ce qu\u2019ils prendront le mariage suivant la coutume du pays<\/p>\n<p style=\"text-align: justify;\">Item donne Jean Gardelle son ain\u00e9 semblable constitution de trente livres en cas qu\u2019il ne veuille \u00eatre pretre,nourri et entretenu et sa demeure dans la maison jusqu\u2019\u00e0 ce qu\u2019il aura pris party en mariage ,et en cas qu\u2019il veuille \u00eatre d\u2019\u00e9glise sera tenu le sus dit h\u00e9ritier de lui fournir tout ce qui lui sera n\u00e9cessaire jusqu\u2019\u00e0\u00a0 temps qu\u2019il aura pris et dit la messe et une chambre pour lui servir de demeure pour sa vie tant qu\u2019il y voudra demeurer et lui faire son titre cl\u00e9rical en cas que le dit Jean Gardelle soit pr\u00eatre ne pourra demander la susdite constitution de dix \u00e9cus.<\/p>\n<p style=\"text-align: justify;\">Item donne \u00e0 Antoinette et autre Antoinette et Agn\u00e8s Gardele ses filles la somme de neuf vingt livres\u00a0 \u00e0 chacunes deux brebis une couette deux linceuls payables lorsqu\u2019elles seront d\u2019\u00e2ge ou trouveront party en mariage et aux termes qui leur donne leur demeure et entretien dans la maison) jusqu\u2019a ce qu\u2019elles trouveront et prendront party en mariage et en y travaillant.<\/p>\n<\/blockquote>\n<p style=\"text-align: justify;\">Fin 1ere page<\/p>\n<blockquote><p>\u00a0Jean Gardele testateur a nomm\u00e9 et nomme Louise Aldigier sa femme dame et admistratrice de tous et un chacun ses biens jusqu\u2019a la majorit\u00e9 de ses enfants et pour ce qui est des honneurs fun\u00e8bres en cas de mort il s\u2019en remet \u00e0 la volont\u00e9 et la\u00a0 discr\u00e9tion tant de ladite Louise Aldigier sa femme que du dit Guillaume Gardele son h\u00e9ritier sus nomm\u00e9<\/p>\n<p>Fait \u00e0 Signalade en la maison du dit testateur qui \u00e0 d\u00e9clar\u00e9 ne pouvoir signer<\/p>\n<p>Requis en pr\u00e9sence de Pierre V\u00e9drines clerc du lieu de Elgines paroisse de Joursac<\/p>\n<p>De Jean Monnier et d\u2019Antoine Fontanier clerc de Ferrieres st MARY<\/p>\n<p>Soussign\u00e9 Jean et Claude Ibry de Signalade<\/p>\n<p>Jean Aldigier de Lusclade<\/p>\n<p>Aymond Baguet de Mousterroux qui n\u2019ont pu signer de ce requis<\/p>\n<p>En foi de quoi j\u2019ai sign\u00e9 ce cinqui\u00e8me Janvier 1693 avant midi<\/p><\/blockquote>\n<p style=\"text-align: justify;\">En 1699 Jean Gardelle signe les Bapt\u00e8mes , Mariages et S\u00e9pultures (BMS) comme \u00e9cl\u00e9siastique de l\u2019\u00e9glise de St Mary le Cros.<\/p>\n<p style=\"text-align: justify;\">Le 30 D\u00e9cembre 1700 son fr\u00e8re Guillaume lui \u00e9tablis devant Jean Fontanier notaire \u00e0 Saint Flour le Titre Cl\u00e9rical pr\u00e9vu dans le testament de son p\u00e8re Jean \u00a0(voir le texte du testament).<\/p>\n<p>&nbsp;<\/p>\n<p><img loading=\"lazy\" decoding=\"async\" class=\"size-full wp-image-109 aligncenter\" src=\"https:\/\/www.chronique-gardelle.fr\/wp-content\/uploads\/2018\/02\/pretre6-2-1.png\" alt=\"\" width=\"712\" height=\"963\" srcset=\"https:\/\/www.chronique-gardelle.fr\/wp-content\/uploads\/2018\/02\/pretre6-2-1.png 712w, https:\/\/www.chronique-gardelle.fr\/wp-content\/uploads\/2018\/02\/pretre6-2-1-222x300.png 222w\" sizes=\"(max-width: 712px) 100vw, 712px\" \/><img loading=\"lazy\" decoding=\"async\" class=\"size-full wp-image-110 aligncenter\" src=\"https:\/\/www.chronique-gardelle.fr\/wp-content\/uploads\/2018\/02\/pretre7-2.png\" alt=\"\" width=\"817\" height=\"983\" srcset=\"https:\/\/www.chronique-gardelle.fr\/wp-content\/uploads\/2018\/02\/pretre7-2.png 817w, https:\/\/www.chronique-gardelle.fr\/wp-content\/uploads\/2018\/02\/pretre7-2-249x300.png 249w, https:\/\/www.chronique-gardelle.fr\/wp-content\/uploads\/2018\/02\/pretre7-2-768x924.png 768w\" sizes=\"(max-width: 817px) 100vw, 817px\" \/><img loading=\"lazy\" decoding=\"async\" class=\"size-full wp-image-111 aligncenter\" src=\"https:\/\/www.chronique-gardelle.fr\/wp-content\/uploads\/2018\/02\/pretre8-2.png\" alt=\"\" width=\"716\" height=\"949\" srcset=\"https:\/\/www.chronique-gardelle.fr\/wp-content\/uploads\/2018\/02\/pretre8-2.png 716w, https:\/\/www.chronique-gardelle.fr\/wp-content\/uploads\/2018\/02\/pretre8-2-226x300.png 226w\" sizes=\"(max-width: 716px) 100vw, 716px\" \/><\/p>\n<h3 style=\"text-align: center;\">Titre Cl\u00e9rical<\/h3>\n<p style=\"text-align: justify;\">D\u00e9finition du titre cl\u00e9rical:<\/p>\n<p style=\"text-align: justify;\">Le titre Cl\u00e9rical est un acte notari\u00e9 assurant que la famille assurera la subsistance\u00a0 au futur pr\u00eatre , cette subsistance peut \u00eatre une dotation ou un bien assurant b\u00e9n\u00e9fice.<\/p>\n<p style=\"text-align: justify;\">Nul ne peut \u00eatre admis dans les ordres sans un titre cl\u00e9rical.<\/p>\n<p style=\"text-align: justify;\">\n<p style=\"text-align: justify;\">En 1701 il est pr\u00eatre et vicaire\u00a0 de l\u2019\u00e9glise de Saint Mary Le Cros.<\/p>\n<p style=\"text-align: justify;\">Le 18 d\u00e9cembre 1703 , au bas d\u2019un acte de mariage \u00e0 Saint Georges proche de Saint-Flour\u00a0 il est dit qu\u2019il est tonsur\u00e9 dudit Saint-Flour.<\/p>\n<p><img loading=\"lazy\" decoding=\"async\" class=\"size-full wp-image-114 aligncenter\" src=\"https:\/\/www.chronique-gardelle.fr\/wp-content\/uploads\/2018\/02\/pretre9-2.png\" alt=\"\" width=\"854\" height=\"491\" srcset=\"https:\/\/www.chronique-gardelle.fr\/wp-content\/uploads\/2018\/02\/pretre9-2.png 854w, https:\/\/www.chronique-gardelle.fr\/wp-content\/uploads\/2018\/02\/pretre9-2-300x172.png 300w, https:\/\/www.chronique-gardelle.fr\/wp-content\/uploads\/2018\/02\/pretre9-2-768x442.png 768w\" sizes=\"(max-width: 854px) 100vw, 854px\" \/><\/p>\n<p style=\"text-align: justify;\">On peut lire en derni\u00e8res lignes Gontian Boussuges clerc et chorier (choriste) de l\u2019\u00e9glise coll\u00e9giale et Jean Gardelle aussi clerc tonsur\u00e9 dudit St flour.<\/p>\n<p style=\"text-align: justify;\">\n<p style=\"text-align: justify;\">D\u00e9finition de la tonsure:<\/p>\n<p style=\"text-align: justify;\">C\u2019est par la tonsure que le clerc acc\u00e8de au clerg\u00e9 lors de la c\u00e9r\u00e9monie d\u2019ordination. La tonsure consiste \u00e0 raser le haut du crane , le reste des cheveux formant une couronne.<\/p>\n<p><img loading=\"lazy\" decoding=\"async\" class=\"size-full wp-image-115 aligncenter\" src=\"https:\/\/www.chronique-gardelle.fr\/wp-content\/uploads\/2018\/02\/pretre10.png\" alt=\"\" width=\"576\" height=\"535\" srcset=\"https:\/\/www.chronique-gardelle.fr\/wp-content\/uploads\/2018\/02\/pretre10.png 576w, https:\/\/www.chronique-gardelle.fr\/wp-content\/uploads\/2018\/02\/pretre10-300x279.png 300w\" sizes=\"(max-width: 576px) 100vw, 576px\" \/><\/p>\n<p>&nbsp;<\/p>\n<p style=\"text-align: justify;\">Le 10 Novembre 1704 sur un acte de mariage \u00e9tablis \u00e0 St Flour il signe en qualit\u00e9 d\u2019\u00e9cl\u00e9siastique demeurant \u00e0 St Mary (le Cros).<\/p>\n<p><img loading=\"lazy\" decoding=\"async\" class=\"size-full wp-image-117 aligncenter\" src=\"https:\/\/www.chronique-gardelle.fr\/wp-content\/uploads\/2018\/02\/pretre11.png\" alt=\"\" width=\"1078\" height=\"215\" srcset=\"https:\/\/www.chronique-gardelle.fr\/wp-content\/uploads\/2018\/02\/pretre11.png 1078w, https:\/\/www.chronique-gardelle.fr\/wp-content\/uploads\/2018\/02\/pretre11-300x60.png 300w, https:\/\/www.chronique-gardelle.fr\/wp-content\/uploads\/2018\/02\/pretre11-768x153.png 768w, https:\/\/www.chronique-gardelle.fr\/wp-content\/uploads\/2018\/02\/pretre11-1024x204.png 1024w\" sizes=\"(max-width: 1078px) 100vw, 1078px\" \/><\/p>\n<p style=\"text-align: justify;\">Jean Gardele \u00e9cl\u00e9siastique demeurant audit St Mary<\/p>\n<p style=\"text-align: justify;\">AD 15 5MI 12395\/1 page 44<\/p>\n<p style=\"text-align: justify;\">Le cur\u00e9 titulaire de Saint Mary le cros Boyer lui attribua la charge de la chapelle \u00e9lev\u00e9e \u00e0 Ferri\u00e8re saint Mary appel\u00e9e Chastelou (cette chapelle \u00e9tait \u00e9lev\u00e9e sur l\u2019emplacement du ch\u00e2teau m\u00e9di\u00e9val).<\/p>\n<p style=\"text-align: justify;\">Jean Gardelle succ\u00e9dera \u00e0 l\u2019abb\u00e9 Guillaume Clavi\u00e8re.<\/p>\n<p style=\"text-align: justify;\">(info Raymond Bordes \u00e0 v\u00e9rifier)<\/p>\n<p style=\"text-align: justify;\">\n<p style=\"text-align: center;\"><img loading=\"lazy\" decoding=\"async\" class=\"size-full wp-image-119 aligncenter\" src=\"https:\/\/www.chronique-gardelle.fr\/wp-content\/uploads\/2018\/02\/pretre12-1.png\" alt=\"\" width=\"740\" height=\"500\" srcset=\"https:\/\/www.chronique-gardelle.fr\/wp-content\/uploads\/2018\/02\/pretre12-1.png 740w, https:\/\/www.chronique-gardelle.fr\/wp-content\/uploads\/2018\/02\/pretre12-1-300x203.png 300w\" sizes=\"(max-width: 740px) 100vw, 740px\" \/>\u00a0\u00a0\u00a0\u00a0 Eglise de Saint Mary le Cros de nos jours<\/p>\n<p>&nbsp;<\/p>\n<p>Il d\u00e9c\u00e8de le 13 F\u00e9vrier 1738 \u00e0 Signalade et sera enterr\u00e9 le 14 F\u00e9vrier au cimeti\u00e8re de Saint Mary le Cros.<img loading=\"lazy\" decoding=\"async\" class=\"size-full wp-image-120 aligncenter\" src=\"https:\/\/www.chronique-gardelle.fr\/wp-content\/uploads\/2018\/02\/pretre13.png\" alt=\"\" width=\"921\" height=\"263\" srcset=\"https:\/\/www.chronique-gardelle.fr\/wp-content\/uploads\/2018\/02\/pretre13.png 921w, https:\/\/www.chronique-gardelle.fr\/wp-content\/uploads\/2018\/02\/pretre13-300x86.png 300w, https:\/\/www.chronique-gardelle.fr\/wp-content\/uploads\/2018\/02\/pretre13-768x219.png 768w\" sizes=\"(max-width: 921px) 100vw, 921px\" \/><\/p>\n<p>AD 15 5E 1395\/1 PAGE 98<\/p>\n<p>Archives Aurillac<\/p>\n<p>BMS<\/p>\n<p>Notaires FONTANIER Jean 3 E 263\/43-92 NOTTD 463 (Testament)<\/p>\n<p>Notaires FONTANIER Jean\u00a0 3 E 263\/62 page 349\/350\/351 (Titre cl\u00e9rical)<\/p>\n<p>&nbsp;<\/p>\n","protected":false},"excerpt":{"rendered":"<p>Gardelle Jean, Pr\u00eatre et Vicaire de Saint Mary le Cros &nbsp; Son acte de naissance: Transcription du texte: Jean gardel de signalade \u00e0 \u00e9t\u00e9 baptis\u00e9 le seizi\u00e8me octobre fils \u00e0 jean et \u00e0 louise aldigier son parrain louis aldigier de mouteroux,la marraine marguerite Boudon de signalade &#8230;etc Le 6 Janvier 1693 dans le testament de&hellip;<\/p>\n<p><a class=\"more-link\" href=\"https:\/\/www.chronique-gardelle.fr\/?page_id=10\">Continue reading<\/a><\/p>","protected":false},"author":1,"featured_media":0,"parent":0,"menu_order":0,"comment_status":"closed","ping_status":"closed","template":"","meta":{"footnotes":""},"_links":{"self":[{"href":"https:\/\/www.chronique-gardelle.fr\/index.php?rest_route=\/wp\/v2\/pages\/10"}],"collection":[{"href":"https:\/\/www.chronique-gardelle.fr\/index.php?rest_route=\/wp\/v2\/pages"}],"about":[{"href":"https:\/\/www.chronique-gardelle.fr\/index.php?rest_route=\/wp\/v2\/types\/page"}],"author":[{"embeddable":true,"href":"https:\/\/www.chronique-gardelle.fr\/index.php?rest_route=\/wp\/v2\/users\/1"}],"replies":[{"embeddable":true,"href":"https:\/\/www.chronique-gardelle.fr\/index.php?rest_route=%2Fwp%2Fv2%2Fcomments&post=10"}],"version-history":[{"count":14,"href":"https:\/\/www.chronique-gardelle.fr\/index.php?rest_route=\/wp\/v2\/pages\/10\/revisions"}],"predecessor-version":[{"id":181,"href":"https:\/\/www.chronique-gardelle.fr\/index.php?rest_route=\/wp\/v2\/pages\/10\/revisions\/181"}],"wp:attachment":[{"href":"https:\/\/www.chronique-gardelle.fr\/index.php?rest_route=%2Fwp%2Fv2%2Fmedia&parent=10"}],"curies":[{"name":"wp","href":"https:\/\/api.w.org\/{rel}","templated":true}]}}