{"id":165,"date":"2018-02-20T20:50:56","date_gmt":"2018-02-20T19:50:56","guid":{"rendered":"https:\/\/www.chronique-gardelle.fr\/?page_id=165"},"modified":"2018-02-20T20:59:22","modified_gmt":"2018-02-20T19:59:22","slug":"accueil","status":"publish","type":"page","link":"https:\/\/www.chronique-gardelle.fr\/","title":{"rendered":"Accueil"},"content":{"rendered":"<h2 style=\"text-align: center;\">La Chronique GARDELLE<\/h2>\n<p>&nbsp;<\/p>\n<p style=\"text-align: justify;\">La chronique Gardelle d\u00e9bute vers les ann\u00e9es 1658 et prends fin vers 1950.<\/p>\n<p style=\"text-align: justify;\">La famille constitu\u00e9e principalement d\u2019agriculteurs va vivre au pied du Mont Journal sur la plan\u00e8ze de Saint-flour pendant deux si\u00e8cles puis se d\u00e9placer dans les communes alentours et ensuite lors des grandes migrations auvergnates se disperser sur les routes comme ferronnier \u00e9tameur ou migrer vers la Capitale.<\/p>\n<p style=\"text-align: justify;\">Parmi eux Il y a:<\/p>\n<ul style=\"text-align: justify;\">\n<li>Etienne le maire<\/li>\n<li>Jean le pr\u00eatre,<\/li>\n<li>Jacques l\u2019instituteur<\/li>\n<li>Puis mon p\u00e8re et ses 4 fr\u00e8res<\/li>\n<\/ul>\n<p style=\"text-align: justify;\">Lorsque c\u2019\u00e9tait possible j\u2019ai r\u00e9alis\u00e9 leur biographie la plus compl\u00e8te possible.<\/p>\n<p class=\"size-full wp-image-169 aligncenter\"><img loading=\"lazy\" decoding=\"async\" class=\"size-full wp-image-169 aligncenter\" src=\"https:\/\/www.chronique-gardelle.fr\/wp-content\/uploads\/2018\/02\/accueil.png\" alt=\"\" width=\"780\" height=\"530\" srcset=\"https:\/\/www.chronique-gardelle.fr\/wp-content\/uploads\/2018\/02\/accueil.png 780w, https:\/\/www.chronique-gardelle.fr\/wp-content\/uploads\/2018\/02\/accueil-300x204.png 300w, https:\/\/www.chronique-gardelle.fr\/wp-content\/uploads\/2018\/02\/accueil-768x522.png 768w\" sizes=\"(max-width: 780px) 100vw, 780px\" \/><\/p>\n<blockquote><p>Mais r\u00e9aliser une chronique familiale c\u2019est aussi s\u2019int\u00e9resser \u00e0 l\u2019environnement de ses anc\u00eatres, c\u2019est la raison pour laquelle il y des informations sur les villages ou ils v\u00e9curent et sur les personnages qu\u2019ils ont c\u00f4toy\u00e9s<\/p><\/blockquote>\n<p style=\"text-align: justify;\">un chapitre trouvaille parce que pendant les recherches on trouve des informations parfois non reli\u00e9es \u00e0 la famille ou au sujet trait\u00e9 mais qu\u2019il serait dommage de laisser tomber dans l\u2019oubli<\/p>\n<p style=\"text-align: justify;\">Cette chronique n\u2019est pas achev\u00e9e et s\u2019enrichie jour apr\u00e8s jours de nouvelles d\u00e9couvertes<\/p>\n<p style=\"text-align: justify;\">\n","protected":false},"excerpt":{"rendered":"<p>La Chronique GARDELLE &nbsp; La chronique Gardelle d\u00e9bute vers les ann\u00e9es 1658 et prends fin vers 1950. La famille constitu\u00e9e principalement d\u2019agriculteurs va vivre au pied du Mont Journal sur la plan\u00e8ze de Saint-flour pendant deux si\u00e8cles puis se d\u00e9placer dans les communes alentours et ensuite lors des grandes migrations auvergnates se disperser sur les&hellip;<\/p>\n<p><a class=\"more-link\" href=\"https:\/\/www.chronique-gardelle.fr\/\">Continue reading<\/a><\/p>","protected":false},"author":1,"featured_media":0,"parent":0,"menu_order":0,"comment_status":"closed","ping_status":"closed","template":"","meta":{"footnotes":""},"_links":{"self":[{"href":"https:\/\/www.chronique-gardelle.fr\/index.php?rest_route=\/wp\/v2\/pages\/165"}],"collection":[{"href":"https:\/\/www.chronique-gardelle.fr\/index.php?rest_route=\/wp\/v2\/pages"}],"about":[{"href":"https:\/\/www.chronique-gardelle.fr\/index.php?rest_route=\/wp\/v2\/types\/page"}],"author":[{"embeddable":true,"href":"https:\/\/www.chronique-gardelle.fr\/index.php?rest_route=\/wp\/v2\/users\/1"}],"replies":[{"embeddable":true,"href":"https:\/\/www.chronique-gardelle.fr\/index.php?rest_route=%2Fwp%2Fv2%2Fcomments&post=165"}],"version-history":[{"count":5,"href":"https:\/\/www.chronique-gardelle.fr\/index.php?rest_route=\/wp\/v2\/pages\/165\/revisions"}],"predecessor-version":[{"id":173,"href":"https:\/\/www.chronique-gardelle.fr\/index.php?rest_route=\/wp\/v2\/pages\/165\/revisions\/173"}],"wp:attachment":[{"href":"https:\/\/www.chronique-gardelle.fr\/index.php?rest_route=%2Fwp%2Fv2%2Fmedia&parent=165"}],"curies":[{"name":"wp","href":"https:\/\/api.w.org\/{rel}","templated":true}]}}