{"id":2,"date":"2017-12-30T14:55:53","date_gmt":"2017-12-30T13:55:53","guid":{"rendered":"https:\/\/www.chronique-gardelle.fr\/?page_id=2"},"modified":"2018-05-04T17:22:07","modified_gmt":"2018-05-04T15:22:07","slug":"page-d-exemple","status":"publish","type":"page","link":"https:\/\/www.chronique-gardelle.fr\/?page_id=2","title":{"rendered":"Chronique Gardelle"},"content":{"rendered":"<h1><strong>la famille Gardelle <em>(<\/em><\/strong><em><strong>1658 \u00e0 1945)<\/strong><\/em><\/h1>\n<p>Les recherches sur notre famille d\u00e9butent par le plus grand hasard.<\/p>\n<p>Alain entreprends des travaux dans sa maison mitoyenne \u00e0 la notre et trouve dans le faux plancher du salon une boite avec des papiers, il me confie ces documents, qui une fois scann\u00e9s et d\u00e9chiffr\u00e9s avec l\u2019aide de Fran\u00e7oise de l\u2019association g\u00e9n\u00e9alogique du Cantal (Aprogem\u00e8re) r\u00e9v\u00e8lent que je suis en possession du contrat de mariage de Antoinette Gardelle avec Etienne Odoul.<\/p>\n<p>ce contrat est \u00e9tabli par Maitre Borel notaire royal \u00e0 Riom est dat\u00e9 du 28 F\u00e9vrier 1658<\/p>\n<p><img loading=\"lazy\" decoding=\"async\" class=\"size-full wp-image-196 aligncenter\" src=\"https:\/\/www.chronique-gardelle.fr\/wp-content\/uploads\/2018\/05\/1.jpg\" alt=\"\" width=\"726\" height=\"388\" srcset=\"https:\/\/www.chronique-gardelle.fr\/wp-content\/uploads\/2018\/05\/1.jpg 726w, https:\/\/www.chronique-gardelle.fr\/wp-content\/uploads\/2018\/05\/1-300x160.jpg 300w\" sizes=\"(max-width: 726px) 100vw, 726px\" \/><\/p>\n<p style=\"text-align: center;\">Le contrat de mariage de Antoinette<\/p>\n<h2><\/h2>\n<h2 style=\"text-align: center;\">Commune de Saint Mary le Cros (cantal)<\/h2>\n<h2 style=\"text-align: center;\">hameau de Signalade<\/h2>\n<p>Dans l\u2019acte on apprend que Antoinette habite avec ses parents Pierre Gardelle et Marguerite Boudon dans une ferme au pied du mont Journal dans le hameau de Signalade commune de Saint Mary le Cros (Cantal) cette commune \u00e0 \u00e9t\u00e9 transf\u00e9r\u00e9e \u00e0 Ferri\u00e8res Saint Mary (en 1890)<\/p>\n<p>Antoinette \u00e9pouse Etienne Odoul le 28 f\u00e9vrier 1658 et le couple s&rsquo;installe \u00e0 Bonnac (Pr\u00e8s de Massiac)<\/p>\n<figure id=\"attachment_198\" aria-describedby=\"caption-attachment-198\" style=\"width: 726px\" class=\"wp-caption aligncenter\"><img loading=\"lazy\" decoding=\"async\" class=\"wp-image-198 size-full\" src=\"https:\/\/www.chronique-gardelle.fr\/wp-content\/uploads\/2018\/05\/2.jpg\" alt=\"\" width=\"726\" height=\"388\" srcset=\"https:\/\/www.chronique-gardelle.fr\/wp-content\/uploads\/2018\/05\/2.jpg 726w, https:\/\/www.chronique-gardelle.fr\/wp-content\/uploads\/2018\/05\/2-300x160.jpg 300w\" sizes=\"(max-width: 726px) 100vw, 726px\" \/><figcaption id=\"caption-attachment-198\" class=\"wp-caption-text\">La maison de Famille \u00e0 Signalade<\/figcaption><\/figure>\n<p>Elle a deux fr\u00e8res<\/p>\n<p>Jean qui est n\u00e9 le 1<sup>er<\/sup> Janvier 1645 et se marie avec Louise Aldigier vers 1675 c\u2019est notre anc\u00eatre direct, il r\u00e9side \u00e0 Signalade ,\u00a0Jean d\u00e9c\u00e8de apr\u00e8s le 6 Janvier 1693 (son testament dat\u00e9 du 6\/01\/1693)<\/p>\n<p>Guillaume qui se marie le 5 f\u00e9vrier 1675 avec Marguerite Jacme et ils s\u2019installent\u00a0 \u00e0 Lusclade<\/p>\n<p><img loading=\"lazy\" decoding=\"async\" class=\" wp-image-200 alignnone\" src=\"https:\/\/www.chronique-gardelle.fr\/wp-content\/uploads\/2018\/05\/3.jpg\" alt=\"\" width=\"912\" height=\"254\" srcset=\"https:\/\/www.chronique-gardelle.fr\/wp-content\/uploads\/2018\/05\/3.jpg 923w, https:\/\/www.chronique-gardelle.fr\/wp-content\/uploads\/2018\/05\/3-300x84.jpg 300w, https:\/\/www.chronique-gardelle.fr\/wp-content\/uploads\/2018\/05\/3-768x214.jpg 768w\" sizes=\"(max-width: 912px) 100vw, 912px\" \/><\/p>\n<h2>Jean Gardelle et Louise Aldigier<\/h2>\n<p>&nbsp;<\/p>\n<p>Jean et Louise sont Laboureurs et propri\u00e9taires de la ferme familiale \u00e0 Signalade (photo ci-dessus)<\/p>\n<p>ils auront 9 Enfants<\/p>\n<p>Jean n\u00e9 le 16 octobre 1671 et qui deviendra pr\u00eatre et vicaire de l\u2019\u00e9glise de la commune de Saint Mary le Cros<\/p>\n<p>Guillaume n\u00e9 le 31 Mars 1673 \u00e9pouse Helips Rougol le 9 F\u00e9vrier 1704 \u00e0 Valjouse<\/p>\n<p>Etienne n\u00e9 le 2 Novembre 1680<\/p>\n<p>Mathieu n\u00e9 le 18 Janvier 1683<\/p>\n<p>Aymond n\u00e9 le 19 Avril 1688<\/p>\n<p>Louise n\u00e9e le 31 Mars 1690<\/p>\n<p>Antoinette 1 n\u00e9e le 23 Janvier 1692<\/p>\n<p>Antoinette 2 cit\u00e9e dans le testament de son p\u00e8re<\/p>\n<p>Agn\u00e8s cit\u00e9e dans le testament de son p\u00e8re<\/p>\n<p><img loading=\"lazy\" decoding=\"async\" class=\"alignnone size-full wp-image-201\" src=\"https:\/\/www.chronique-gardelle.fr\/wp-content\/uploads\/2018\/05\/4.jpg\" alt=\"\" width=\"656\" height=\"257\" srcset=\"https:\/\/www.chronique-gardelle.fr\/wp-content\/uploads\/2018\/05\/4.jpg 656w, https:\/\/www.chronique-gardelle.fr\/wp-content\/uploads\/2018\/05\/4-300x118.jpg 300w\" sizes=\"(max-width: 656px) 100vw, 656px\" \/><\/p>\n<h2>Guillaume<\/h2>\n<p>Jean l\u2019ain\u00e9 \u00e9tant destin\u00e9 \u00e0 la pr\u00eatrise c\u2019est Guillaume qui h\u00e9rite des biens de Signalade<\/p>\n<p>Il \u00e9pouse Helips Rougol de Valjouse le 9 F\u00e9vrier 1704<\/p>\n<p>&nbsp;<\/p>\n<p>&nbsp;<\/p>\n<p>&nbsp;<\/p>\n<p>&nbsp;<\/p>\n<p>&nbsp;<\/p>\n","protected":false},"excerpt":{"rendered":"<p>la famille Gardelle (1658 \u00e0 1945) Les recherches sur notre famille d\u00e9butent par le plus grand hasard. Alain entreprends des travaux dans sa maison mitoyenne \u00e0 la notre et trouve dans le faux plancher du salon une boite avec des papiers, il me confie ces documents, qui une fois scann\u00e9s et d\u00e9chiffr\u00e9s avec l\u2019aide de&hellip;<\/p>\n<p><a class=\"more-link\" href=\"https:\/\/www.chronique-gardelle.fr\/?page_id=2\">Continue reading<\/a><\/p>","protected":false},"author":1,"featured_media":0,"parent":0,"menu_order":0,"comment_status":"closed","ping_status":"open","template":"","meta":{"footnotes":""},"_links":{"self":[{"href":"https:\/\/www.chronique-gardelle.fr\/index.php?rest_route=\/wp\/v2\/pages\/2"}],"collection":[{"href":"https:\/\/www.chronique-gardelle.fr\/index.php?rest_route=\/wp\/v2\/pages"}],"about":[{"href":"https:\/\/www.chronique-gardelle.fr\/index.php?rest_route=\/wp\/v2\/types\/page"}],"author":[{"embeddable":true,"href":"https:\/\/www.chronique-gardelle.fr\/index.php?rest_route=\/wp\/v2\/users\/1"}],"replies":[{"embeddable":true,"href":"https:\/\/www.chronique-gardelle.fr\/index.php?rest_route=%2Fwp%2Fv2%2Fcomments&post=2"}],"version-history":[{"count":9,"href":"https:\/\/www.chronique-gardelle.fr\/index.php?rest_route=\/wp\/v2\/pages\/2\/revisions"}],"predecessor-version":[{"id":8,"href":"https:\/\/www.chronique-gardelle.fr\/index.php?rest_route=\/wp\/v2\/pages\/2\/revisions\/8"}],"wp:attachment":[{"href":"https:\/\/www.chronique-gardelle.fr\/index.php?rest_route=%2Fwp%2Fv2%2Fmedia&parent=2"}],"curies":[{"name":"wp","href":"https:\/\/api.w.org\/{rel}","templated":true}]}}